{"id":28861,"date":"2025-02-25T12:20:56","date_gmt":"2025-02-25T10:20:56","guid":{"rendered":"https:\/\/henkilot.vihreat.fi\/eve.ramo\/?page_id=28861"},"modified":"2025-03-11T12:51:47","modified_gmt":"2025-03-11T10:51:47","slug":"kunta-aluevaalit-2025","status":"publish","type":"page","link":"https:\/\/henkilot.vihreat.fi\/eve.ramo\/politiikka\/kunta-aluevaalit-2025\/","title":{"rendered":"Kunta- ja aluevaalit 2025"},"content":{"rendered":"\n<div class=\"wp-block-columns is-layout-flex wp-container-core-columns-is-layout-28f84493 wp-block-columns-is-layout-flex\">\n<div class=\"wp-block-column is-layout-flow wp-block-column-is-layout-flow\" style=\"flex-basis:100%\">\n<div class=\"wp-block-columns is-layout-flex wp-container-core-columns-is-layout-28f84493 wp-block-columns-is-layout-flex\">\n<div class=\"wp-block-column is-vertically-aligned-top is-layout-flow wp-block-column-is-layout-flow\">\n<h2 class=\"wp-block-heading\">Kuka?<\/h2>\n\n\n\n<blockquote class=\"wp-block-quote has-text-align-center is-style-large is-layout-flow wp-block-quote-is-layout-flow\">\n<p>Lyhyesti:<\/p>\n<\/blockquote>\n\n\n\n<p>Korsolainen kokenut p\u00e4\u00e4tt\u00e4j\u00e4 ja alue ja kaupunginvaltuutettu, kaupunginhallituksen j\u00e4sen, kirkolliskokousedustaja ja kirkkovaltuuston puheenjohtaja. Sosiaalialan ammattilainen jolla on pitk\u00e4 kokemus lastensuojelusta, perheiden auttamisesta, nuorten parissa ty\u00f6skentelyst\u00e4 sek\u00e4 monikulttuurisessa ymp\u00e4rist\u00f6ss\u00e4 toimimisesta sek\u00e4 ty\u00f6st\u00e4 asunnottomien parissa. Luonnossa liikkuja, luonnon puolustaja sek\u00e4 el\u00e4inten yst\u00e4v\u00e4. Pienen tyt\u00f6n \u00e4iti joka pit\u00e4\u00e4 aina pienempien puolta! Talentian liittovaltuutettu jolle on t\u00e4rke\u00e4\u00e4 se, ett\u00e4 ty\u00f6t\u00e4 voi tehd\u00e4 eettisesti ja siit\u00e4 saa kunnon palkan.<\/p>\n\n\n\n<p>Aion jatkaa tinkim\u00e4t\u00f6nt\u00e4 ty\u00f6t\u00e4 niiden asioiden eteen joiden puolesta olen taistellut t\u00e4h\u00e4nkin asti. Tasa-arvo ja yhdenvertaisuus, lasten- nuorten- ja perheiden hyvinvointi, ty\u00f6 asunnottomien tilanteen helpottamiseksi sek\u00e4 laadukkaan lastensuojelun puolesta. Tarvitsemme my\u00f6s lis\u00e4\u00e4 aikuisia kouluihin ja osaavaa henkil\u00f6kuntaa p\u00e4iv\u00e4koteihin. L\u00e4hiluontoa pit\u00e4\u00e4 puolustaa ja luontoa suojella nykyist\u00e4 aktiivisemmin. Kaupunkia pit\u00e4\u00e4 rakentaa kest\u00e4v\u00e4sti ja joukkoliikenteen tulee olla toimiva. <\/p>\n\n\n\n<p><\/p>\n\n\n\n<div style=\"height:20px\" aria-hidden=\"true\" class=\"wp-block-spacer\"><\/div>\n\n\n\n<h2 class=\"wp-block-heading\">Lis\u00e4\u00e4 tukea lapsille ja perheille!<\/h2>\n\n\n\n<blockquote class=\"wp-block-quote has-text-align-center is-style-large is-layout-flow wp-block-quote-is-layout-flow\">\n<p>Tulevaisuuden puolella<\/p>\n<\/blockquote>\n\n\n\n<p> Panostetaan neuvolaan, varhaiskasvatukseen, kouluihin ja perheiden palveluihin. Varhainen tuki on halvinta ja parasta talouspolitiikkaa.<\/p>\n\n\n\n<p>Varmistetaan, ett\u00e4 varhaiskasvatukseen riitt\u00e4\u00e4 osaavaa henkil\u00f6kuntaa,&nbsp;mets\u00e4isi\u00e4 pihoja, terveit\u00e4 rakennuksia ja varmistetaan lasten&nbsp;erityisten tarpeiden parempi tuki.<\/p>\n\n\n\n<p>Perheille lis\u00e4\u00e4 tukea &#8211; parempi raskauden aikainen hoito, vanhemmuuden tuki, kotipalvelu ja toimiva lastensuojelu<\/p>\n\n\n\n<p>Nepsy-lapsille ja -aikuisille toimivat hoitopolut ja hoitoonp\u00e4\u00e4sy<\/p>\n\n\n\n<p>Panostetaan peruskouluun- lis\u00e4\u00e4 lukutaitoa ja&nbsp;tunnetaitojen opettelua. Lis\u00e4t\u00e4\u00e4n aikuisten l\u00e4sn\u00e4oloa v\u00e4litunneilla.<\/p>\n\n\n\n<p><\/p>\n\n\n\n<div style=\"height:20px\" aria-hidden=\"true\" class=\"wp-block-spacer\"><\/div>\n\n\n\n<h2 class=\"wp-block-heading\">Rakennetaan kest\u00e4v\u00e4\u00e4 kaupunkia<\/h2>\n\n\n\n<blockquote class=\"wp-block-quote has-text-align-center is-style-large is-layout-flow wp-block-quote-is-layout-flow\">\n<p>luonnon hyvinvoinnista tinkim\u00e4tt\u00e4<\/p>\n<\/blockquote>\n\n\n\n<p>Rakennetaan kaupunkia kest\u00e4v\u00e4sti jokaiselle. Helpotetaan liikkumista ja pidet\u00e4\u00e4n huoli l\u00e4hiluonnosta. Pidet\u00e4\u00e4n kaupunki el\u00e4v\u00e4n\u00e4 &#8211; tarjotaan kulttuuria ja tapahtumia ja pidet\u00e4\u00e4n liikuntapaikat kunnossa.<\/p>\n\n\n\n<p><\/p>\n\n\n\n<p>Hyv\u00e4ll\u00e4 kaupunkisuunnittelulla ehk\u00e4ist\u00e4\u00e4n segregaatiota ja korjataan jo nyt syntyneit\u00e4 eriarvoisuuden rakenteita.<\/p>\n\n\n\n<p>Huolehditaan l\u00e4hiluonnosta, puroista, niityist\u00e4 ja&nbsp;metsist\u00e4 sek\u00e4 niiden el\u00e4imist\u00e4. Ei kaadeta mets\u00e4\u00e4 rakentamisen tielt\u00e4. Perustetaan lis\u00e4\u00e4 luonnonsuojelualueita.<\/p>\n\n\n\n<p><\/p>\n\n\n\n<p><\/p>\n\n\n\n<div style=\"height:20px\" aria-hidden=\"true\" class=\"wp-block-spacer\"><\/div>\n\n\n\n<h2 class=\"wp-block-heading\">Tasa-arvo, yhdenvertaisuus ja ty\u00f6hyvinvointi<\/h2>\n\n\n\n<blockquote class=\"wp-block-quote has-text-align-center is-style-large is-layout-flow wp-block-quote-is-layout-flow\">\n<p>Pidet\u00e4\u00e4n huolta jokaisesta<\/p>\n<\/blockquote>\n\n\n\n<p>Huolehditaan henkil\u00f6st\u00f6st\u00e4. Helpotetaan ty\u00f6n ja perheen yhteensovittamista, arvostetaan osaamista, tuetaan ty\u00f6ss\u00e4 jaksamista ja pidet\u00e4\u00e4n palkat kilpailukykyisin\u00e4.<\/p>\n\n\n\n<p>Hyvinvoiva henkil\u00f6st\u00f6 on kaikkien etu<\/p>\n\n\n\n<p>Jatketaan ty\u00f6t\u00e4 tasa-arvon ja yhdenvertaisuuden eteen. Puututaan vihapuheeseen ja rasismiin<\/p>\n\n\n\n<p><\/p>\n\n\n\n<p><\/p>\n<\/div>\n\n\n\n<div class=\"wp-block-column is-vertically-aligned-top is-layout-flow wp-block-column-is-layout-flow\" style=\"flex-basis:22em\">\n<figure class=\"wp-block-image size-full is-style-default\"><img loading=\"lazy\" decoding=\"async\" width=\"512\" height=\"768\" src=\"https:\/\/henkilot.vihreat.fi\/eve.ramo\/files\/2025\/03\/RamoEve-02_some.jpg\" alt=\"\" class=\"wp-image-28874\" srcset=\"https:\/\/henkilot.vihreat.fi\/eve.ramo\/files\/2025\/03\/RamoEve-02_some.jpg 512w, https:\/\/henkilot.vihreat.fi\/eve.ramo\/files\/2025\/03\/RamoEve-02_some-200x300.jpg 200w\" sizes=\"auto, (max-width: 512px) 100vw, 512px\" \/><\/figure>\n\n\n\n<p><strong>VAALIKONEET<\/strong><\/p>\n\n\n\n<p><a href=\"https:\/\/www.hs.fi\/politiikka\/art-2000011075959.html\" data-type=\"URL\" data-id=\"https:\/\/www.vaalikone.fi\/eduskunta2019\/ehdokkaat\/4869\/\" target=\"_blank\" rel=\"noreferrer noopener\"><strong>HS VAALIKONE<\/strong><\/a><\/p>\n\n\n\n<p><a href=\"https:\/\/www.is.fi\/politiikka\/art-2000011070516.html\" data-type=\"URL\" data-id=\"https:\/\/www.vaalikone.fi\/eduskunta2019\/is\/ehdokkaat\/4869\/\" target=\"_blank\" rel=\"noreferrer noopener\"><strong>IS VAALIKONE<\/strong><\/a><\/p>\n\n\n\n<p><a href=\"https:\/\/vaalit.yle.fi\/vaalikone\/kuntavaalit2025\/26\/ehdokkaat\/3888\" data-type=\"URL\" data-id=\"https:\/\/vaalikone.yle.fi\/eduskuntavaali2019\/2\/ehdokkaat\/1528\" target=\"_blank\" rel=\"noreferrer noopener\">YLE VAALIKONE KUNTAVAALIT<\/a><\/p>\n\n\n\n<p><a href=\"https:\/\/vaalit.yle.fi\/vaalikone\/aluevaalit2025\/278\/ehdokkaat\/3888\" data-type=\"URL\" data-id=\"https:\/\/www.aamulehti.fi\/vaalikone#\/vaalipiiri\/15\/ehdokas\/1128\" target=\"_blank\" rel=\"noreferrer noopener\">YLE ALUEVAALIKONE<\/a><\/p>\n\n\n\n<p><strong><a href=\"https:\/\/www.vantaansanomat.fi\/vaalikone\/#\/101\/kotikunta\/092\/ehdokkaat\/7887\" data-type=\"URL\" data-id=\"https:\/\/www.vantaansanomat.fi\/vaalikone#\/4\/kandidaatti\/892\" target=\"_blank\" rel=\"noreferrer noopener\">VANTAAN SANOMAT\/ETEL\u00c4-SUOMEN MEDIAN VAALIKONE<\/a><\/strong><\/p>\n\n\n\n<p><a rel=\"noreferrer noopener\" href=\"https:\/\/www.mtvuutiset.fi\/vaalikone\" data-type=\"URL\" data-id=\"https:\/\/www.mtvuutiset.fi\/vaalikone\" target=\"_blank\"><strong>MTV3 VAALIKONE<\/strong><\/a><\/p>\n\n\n\n<p><a rel=\"noreferrer noopener\" href=\"https:\/\/duunitori.fi\/vaalikone\/ehdokkaat\/uusimaa\/eve-ramo-vihreat-uusimaa\" data-type=\"URL\" data-id=\"https:\/\/duunitori.fi\/vaalikone\/ehdokkaat\/uusimaa\/eve-ramo-vihreat-uusimaa\" target=\"_blank\"><strong>DUUNITORI<\/strong><\/a><\/p>\n\n\n\n<p><a rel=\"noreferrer noopener\" href=\"https:\/\/www.metsalehti.fi\/vaalikone\/?zefTarget=5578070439231488\" data-type=\"URL\" data-id=\"https:\/\/www.metsalehti.fi\/vaalikone\/?zefTarget=5578070439231488\" target=\"_blank\"><strong>METS\u00c4LEHTI<\/strong><\/a><\/p>\n\n\n\n<p><strong><a rel=\"noreferrer noopener\" href=\"https:\/\/vaalikone.omaishoitajat.fi\/ehdokas\/eve-ramo\/\" data-type=\"URL\" data-id=\"https:\/\/vaalikone.omaishoitajat.fi\/ehdokas\/eve-ramo\/\" target=\"_blank\">OMAISHOITAJAT<\/a><\/strong><\/p>\n\n\n\n<p><strong><a rel=\"noreferrer noopener\" href=\"https:\/\/uskonnonvapaus.fi\/vaalit\/eduskunta2019\/eve_ramo_uusimaa.html\" data-type=\"URL\" data-id=\"https:\/\/uskonnonvapaus.fi\/vaalit\/eduskunta2019\/eve_ramo_uusimaa.html\" target=\"_blank\">USKONNONVAPAUS<\/a><\/strong><\/p>\n\n\n\n<p><a rel=\"noreferrer noopener\" href=\"https:\/\/www.maaseuduntulevaisuus.fi\/vaalikone\" data-type=\"URL\" data-id=\"https:\/\/www.maaseuduntulevaisuus.fi\/vaalikone\" target=\"_blank\"><strong>MAASEUDUN TULEVAISUUS<\/strong><\/a><\/p>\n\n\n\n<p><a rel=\"noreferrer noopener\" href=\"https:\/\/www.alli.fi\/nuorten-vaalikone\" data-type=\"URL\" data-id=\"https:\/\/www.alli.fi\/nuorten-vaalikone\" target=\"_blank\"><strong>NUORTEN VAALIKONE<\/strong><\/a><\/p>\n\n\n\n<p><a rel=\"noreferrer noopener\" href=\"http:\/\/elainpolitiikka.fi\/vaalikone\" data-type=\"URL\" data-id=\"http:\/\/elainpolitiikka.fi\/vaalikone\" target=\"_blank\"><strong>EL\u00c4INPOLIITTINEN VAALIKONE<\/strong><\/a><\/p>\n<\/div>\n<\/div>\n<\/div>\n<\/div>\n\n\n\n<script src=\"https:\/\/kit.fontawesome.com\/3d70038450.js\" crossorigin=\"anonymous\"><\/script>\r\n<script src=\"https:\/\/ajax.googleapis.com\/ajax\/libs\/jquery\/2.1.3\/jquery.min.js\"><\/script>\r\n<script type=\"text\/javascript\">\r\n  $(function() {\r\n    $(\".list-heading\").click(function() {\r\n      $(this).prev(\".list-items\").slideToggle(500);\r\n      $(this).children(\".fa\").toggleClass(\"fa-chevron-circle-down\").toggleClass(\"fa-chevron-circle-up\");\r\n      $(this).toggleClass(\"list-heading\").toggleClass(\"slide-down\");\r\n    });\r\n  });\r\n<\/script>\r\n\r\n<style>\r\n.hidden {\r\n    display: none;\r\n}\r\n.list-heading {\r\n    position: relative;\r\n    bottom: 8em;\r\n    text-align: center;\r\n    padding-top: 5em;\r\n    margin-bottom: -7em;\r\n    background-image: linear-gradient(to bottom, transparent, white);\r\n}\r\n.slide-down {\r\n    text-align: center;\r\n    margin: 1em;\r\n}\r\n.arrow {\r\n    cursor: pointer;\r\n    font-size: 2.5em;\r\n    color: #0FBE7C;\r\n}\r\n.block-quote {\r\n    margin-bottom:0px;\r\n}\r\n<\/style>\n","protected":false},"excerpt":{"rendered":"<p>Kuka? Lyhyesti: Korsolainen kokenut p\u00e4\u00e4tt\u00e4j\u00e4 ja alue ja kaupunginvaltuutettu, kaupunginhallituksen j\u00e4sen, kirkolliskokousedustaja ja kirkkovaltuuston puheenjohtaja. Sosiaalialan ammattilainen jolla on pitk\u00e4 kokemus lastensuojelusta, perheiden auttamisesta, nuorten parissa ty\u00f6skentelyst\u00e4 sek\u00e4 monikulttuurisessa ymp\u00e4rist\u00f6ss\u00e4 toimimisesta sek\u00e4 ty\u00f6st\u00e4 asunnottomien parissa. Luonnossa liikkuja, luonnon puolustaja sek\u00e4<\/p>\n","protected":false},"author":1136,"featured_media":0,"parent":28301,"menu_order":1,"comment_status":"closed","ping_status":"closed","template":"","meta":{"jetpack_post_was_ever_published":false,"footnotes":""},"class_list":["post-28861","page","type-page","status-publish","hentry"],"jetpack_sharing_enabled":true,"jetpack_shortlink":"https:\/\/wp.me\/P8pbUN-7vv","jetpack_likes_enabled":true,"jetpack-related-posts":[{"id":28306,"url":"https:\/\/henkilot.vihreat.fi\/eve.ramo\/politiikka\/luottamustehtavat\/","url_meta":{"origin":28861,"position":0},"title":"Ty\u00f6- ja luottamusteht\u00e4v\u00e4t","author":"tiina.nylen","date":"22.1.2021","format":false,"excerpt":"Sosionomi (AMK) \u2013 Kirkon nuorisoty\u00f6nohjaajaPerhety\u00f6ntekij\u00e4, Vantaa-Keravan hyvinvointialue. Olen ty\u00f6skennellyt\u00a0pitk\u00e4\u00e4n lastensuojelussa, sijoitettujen nuorten sek\u00e4 lapsiperheiden parissa. Viimeiset viisi vuotta olen tehnyt tehostettua perhety\u00f6t\u00e4.T\u00e4m\u00e4n lis\u00e4ksi olen ty\u00f6skennellyt asunnottomien ja p\u00e4ihteidenk\u00e4ytt\u00e4jien parissa, p\u00e4iv\u00e4kodissa, kriminaalihuollossa, kirkon nuorisoty\u00f6nohjaajana, maahanmuuttajanaisten turvakodissa sek\u00e4 tehnyt erilaisia vapaaehtoist\u00f6it\u00e4. Ty\u00f6nkuvaani kuuluu my\u00f6s talouden sosiaaliohjaus. Toimin my\u00f6s varaty\u00f6suojeluvaltuutettuna. Harrastukset Luottamusteht\u00e4v\u00e4tKotikissatoimintaMatkustaminenLukeminenVaeltaminen, tunturit\u2026","rel":"","context":"Samankaltainen artikkeli","block_context":{"text":"Samankaltainen artikkeli","link":""},"img":{"alt_text":"","src":"https:\/\/i0.wp.com\/henkilot.vihreat.fi\/eve.ramo\/files\/2021\/01\/eve_1-edited.jpg?resize=350%2C200&ssl=1","width":350,"height":200,"srcset":"https:\/\/i0.wp.com\/henkilot.vihreat.fi\/eve.ramo\/files\/2021\/01\/eve_1-edited.jpg?resize=350%2C200&ssl=1 1x, https:\/\/i0.wp.com\/henkilot.vihreat.fi\/eve.ramo\/files\/2021\/01\/eve_1-edited.jpg?resize=525%2C300&ssl=1 1.5x"},"classes":[]},{"id":28261,"url":"https:\/\/henkilot.vihreat.fi\/eve.ramo\/","url_meta":{"origin":28861,"position":1},"title":"Etusivu","author":"tiina.nylen","date":"22.1.2021","format":false,"excerpt":"Olen 41-vuotias vantaalainen, aktiivinen inhimillisyyden ja tasa-arvon puolustaja. \u00a0Olen koulutukseltani sosionomi-kirkon nuorisoty\u00f6nohjaaja ja ty\u00f6skennellyt monipuolisesti sosiaalialalla, erityisesti lastensuojelussa, lasten, nuorten ja perheiden parissa. T\u00e4ll\u00e4 hetkell\u00e4 ty\u00f6skentelen lastensuojelussa tehostetun perhety\u00f6n sosiaaliohjaajana, josta tosin olen parhaillaan vanhempainvapaalla. Lastensuojelun ty\u00f6kokemusta minulla on jo l\u00e4hes 20 vuotta. Olen kaupunginvaltuutettu, Vantaan kaupunginhallituksen j\u00e4sen,Vantaa-Keravan hyvinvointialueen aluevaltuutettu,\u2026","rel":"","context":"Samankaltainen artikkeli","block_context":{"text":"Samankaltainen artikkeli","link":""},"img":{"alt_text":"","src":"","width":0,"height":0},"classes":[]},{"id":28301,"url":"https:\/\/henkilot.vihreat.fi\/eve.ramo\/politiikka\/","url_meta":{"origin":28861,"position":2},"title":"Politiikka","author":"tiina.nylen","date":"22.1.2021","format":false,"excerpt":"Olen ehdolla Vantaan kaupunginvaltuustoon sek\u00e4 Vantaa-Keravan aluevaltuustoon. Voit \u00e4\u00e4nest\u00e4\u00e4 minua, jos olet t\u00e4ysi-ik\u00e4inen ja asut Vantaalla tai Keravalla. Ennakko\u00e4\u00e4nestys kotimaassa: keskiviikosta tiistaihin 2-8.4.2025 Vaalip\u00e4iv\u00e4n \u00e4\u00e4nestys: sunnuntai\u00a0 13.4.2025 klo 9 \u2013 20 Eduskuntavaalit 2023 Ty\u00f6- ja luottamusteht\u00e4v\u00e4t","rel":"","context":"Samankaltainen artikkeli","block_context":{"text":"Samankaltainen artikkeli","link":""},"img":{"alt_text":"","src":"https:\/\/i0.wp.com\/henkilot.vihreat.fi\/eve.ramo\/files\/2012\/08\/MG_8158_muok_2.jpg?resize=350%2C200&ssl=1","width":350,"height":200,"srcset":"https:\/\/i0.wp.com\/henkilot.vihreat.fi\/eve.ramo\/files\/2012\/08\/MG_8158_muok_2.jpg?resize=350%2C200&ssl=1 1x, https:\/\/i0.wp.com\/henkilot.vihreat.fi\/eve.ramo\/files\/2012\/08\/MG_8158_muok_2.jpg?resize=525%2C300&ssl=1 1.5x, https:\/\/i0.wp.com\/henkilot.vihreat.fi\/eve.ramo\/files\/2012\/08\/MG_8158_muok_2.jpg?resize=700%2C400&ssl=1 2x, https:\/\/i0.wp.com\/henkilot.vihreat.fi\/eve.ramo\/files\/2012\/08\/MG_8158_muok_2.jpg?resize=1050%2C600&ssl=1 3x"},"classes":[]},{"id":28558,"url":"https:\/\/henkilot.vihreat.fi\/eve.ramo\/politiikka\/aluevaalit-2022\/","url_meta":{"origin":28861,"position":3},"title":"Aluevaalit 2022","author":"tiina.nylen","date":"16.12.2021","format":false,"excerpt":"Tuleva Vantaa-Kerava hyvinvointialue on 1. Hyv\u00e4 paikka lapsille ja perheille - Panostaa lapsiin ja ennaltaehk\u00e4iseviin palveluihin - Tiedostaa, ett\u00e4 lasten oikeudet ovat aikuisten velvollisuuksia - Investoi nuoriin ja nuorten palveluihin ongelmien ennaltaehk\u00e4isemiseksi - Luo toimivat hoitopolut nepsy-lapsille - Rakentaa kattavasti perhekeskuksia l\u00e4hipalveluna - Kaikessa p\u00e4\u00e4t\u00f6ksenteossa arvioi niiden vaikutuksia lapsiin, osallisuuteen\u2026","rel":"","context":"Samankaltainen artikkeli","block_context":{"text":"Samankaltainen artikkeli","link":""},"img":{"alt_text":"","src":"https:\/\/i0.wp.com\/henkilot.vihreat.fi\/eve.ramo\/files\/2021\/06\/MG_0445_VALMIS2.png?resize=350%2C200&ssl=1","width":350,"height":200,"srcset":"https:\/\/i0.wp.com\/henkilot.vihreat.fi\/eve.ramo\/files\/2021\/06\/MG_0445_VALMIS2.png?resize=350%2C200&ssl=1 1x, https:\/\/i0.wp.com\/henkilot.vihreat.fi\/eve.ramo\/files\/2021\/06\/MG_0445_VALMIS2.png?resize=525%2C300&ssl=1 1.5x, https:\/\/i0.wp.com\/henkilot.vihreat.fi\/eve.ramo\/files\/2021\/06\/MG_0445_VALMIS2.png?resize=700%2C400&ssl=1 2x, https:\/\/i0.wp.com\/henkilot.vihreat.fi\/eve.ramo\/files\/2021\/06\/MG_0445_VALMIS2.png?resize=1050%2C600&ssl=1 3x, https:\/\/i0.wp.com\/henkilot.vihreat.fi\/eve.ramo\/files\/2021\/06\/MG_0445_VALMIS2.png?resize=1400%2C800&ssl=1 4x"},"classes":[]},{"id":28659,"url":"https:\/\/henkilot.vihreat.fi\/eve.ramo\/politiikka\/eduskuntavaalit-2023\/","url_meta":{"origin":28861,"position":4},"title":"Eduskuntavaalit 2023","author":"tiina.nylen","date":"15.12.2022","format":false,"excerpt":"Vaaliteemat Perheit\u00e4 on tuettava nykyist\u00e4 enemm\u00e4n Varhaiskasvatuksen hyv\u00e4 laatu on kaikkien etu ja hyv\u00e4 varhaiskasvatus v\u00e4hent\u00e4\u00e4 muiden palveluiden tarvetta. Varhaiskasvatuksen laadun parantaminen vaatii ty\u00f6ntekij\u00f6iden palkkauksen ja ty\u00f6olojen parannusta. Hoitopolut on oltava helppoja ja sujuvia. Esimerkiksi nepsy-lasten diagnosointi ja tuki tulee saada nykyist\u00e4 nopeammin ja helpommin. Kun voimavarat ovat v\u00e4hiss\u00e4 on\u2026","rel":"","context":"Samankaltainen artikkeli","block_context":{"text":"Samankaltainen artikkeli","link":""},"img":{"alt_text":"","src":"https:\/\/i0.wp.com\/henkilot.vihreat.fi\/eve.ramo\/files\/2023\/02\/isosome.jpg?resize=350%2C200&ssl=1","width":350,"height":200,"srcset":"https:\/\/i0.wp.com\/henkilot.vihreat.fi\/eve.ramo\/files\/2023\/02\/isosome.jpg?resize=350%2C200&ssl=1 1x, https:\/\/i0.wp.com\/henkilot.vihreat.fi\/eve.ramo\/files\/2023\/02\/isosome.jpg?resize=525%2C300&ssl=1 1.5x, https:\/\/i0.wp.com\/henkilot.vihreat.fi\/eve.ramo\/files\/2023\/02\/isosome.jpg?resize=700%2C400&ssl=1 2x"},"classes":[]},{"id":28309,"url":"https:\/\/henkilot.vihreat.fi\/eve.ramo\/politiikka\/eduskuntavaalit-2019\/","url_meta":{"origin":28861,"position":5},"title":"Eduskuntavaalit 2019","author":"tiina.nylen","date":"22.1.2021","format":false,"excerpt":"Hyv\u00e4 lapsuus Yhdenvertaiset mahdollisuudet ja toimivat perheiden palvelut Lapsuusaika luo perusteet el\u00e4m\u00e4lle. Lapsuusaikaan panostaminen on suora sijoitus tulevaisuuteen. Yhteiskunnan teht\u00e4v\u00e4 on purkaa lapsia eriarvoistavia rakenteita ja tarjota yhdenvertaiset mahdollisuudet kaikille. T\u00e4m\u00e4 edellytt\u00e4\u00e4 koulutukseen panostamista, k\u00f6yhyyden v\u00e4hent\u00e4mist\u00e4 ja perheiden tukemista. Perheiden tulee saada palveluita jo ennen kuin ongelmat k\u00e4rjistyv\u00e4t. Perheneuvoloissa, perhety\u00f6ss\u00e4\u2026","rel":"","context":"Samankaltainen artikkeli","block_context":{"text":"Samankaltainen artikkeli","link":""},"img":{"alt_text":"","src":"https:\/\/i0.wp.com\/henkilot.vihreat.fi\/eve.ramo\/files\/2012\/09\/muokattu1-2.jpg?resize=350%2C200&ssl=1","width":350,"height":200,"srcset":"https:\/\/i0.wp.com\/henkilot.vihreat.fi\/eve.ramo\/files\/2012\/09\/muokattu1-2.jpg?resize=350%2C200&ssl=1 1x, https:\/\/i0.wp.com\/henkilot.vihreat.fi\/eve.ramo\/files\/2012\/09\/muokattu1-2.jpg?resize=525%2C300&ssl=1 1.5x, https:\/\/i0.wp.com\/henkilot.vihreat.fi\/eve.ramo\/files\/2012\/09\/muokattu1-2.jpg?resize=700%2C400&ssl=1 2x, https:\/\/i0.wp.com\/henkilot.vihreat.fi\/eve.ramo\/files\/2012\/09\/muokattu1-2.jpg?resize=1050%2C600&ssl=1 3x, https:\/\/i0.wp.com\/henkilot.vihreat.fi\/eve.ramo\/files\/2012\/09\/muokattu1-2.jpg?resize=1400%2C800&ssl=1 4x"},"classes":[]}],"_links":{"self":[{"href":"https:\/\/henkilot.vihreat.fi\/eve.ramo\/wp-json\/wp\/v2\/pages\/28861","targetHints":{"allow":["GET"]}}],"collection":[{"href":"https:\/\/henkilot.vihreat.fi\/eve.ramo\/wp-json\/wp\/v2\/pages"}],"about":[{"href":"https:\/\/henkilot.vihreat.fi\/eve.ramo\/wp-json\/wp\/v2\/types\/page"}],"author":[{"embeddable":true,"href":"https:\/\/henkilot.vihreat.fi\/eve.ramo\/wp-json\/wp\/v2\/users\/1136"}],"replies":[{"embeddable":true,"href":"https:\/\/henkilot.vihreat.fi\/eve.ramo\/wp-json\/wp\/v2\/comments?post=28861"}],"version-history":[{"count":6,"href":"https:\/\/henkilot.vihreat.fi\/eve.ramo\/wp-json\/wp\/v2\/pages\/28861\/revisions"}],"predecessor-version":[{"id":28889,"href":"https:\/\/henkilot.vihreat.fi\/eve.ramo\/wp-json\/wp\/v2\/pages\/28861\/revisions\/28889"}],"up":[{"embeddable":true,"href":"https:\/\/henkilot.vihreat.fi\/eve.ramo\/wp-json\/wp\/v2\/pages\/28301"}],"wp:attachment":[{"href":"https:\/\/henkilot.vihreat.fi\/eve.ramo\/wp-json\/wp\/v2\/media?parent=28861"}],"curies":[{"name":"wp","href":"https:\/\/api.w.org\/{rel}","templated":true}]}}