{"id":28269,"date":"2021-01-22T22:44:27","date_gmt":"2021-01-22T19:44:27","guid":{"rendered":"https:\/\/henkilot.vihreat.fi\/eve.ramo\/?page_id=28269"},"modified":"2023-02-09T23:26:12","modified_gmt":"2023-02-09T21:26:12","slug":"miksi-eve","status":"publish","type":"page","link":"https:\/\/henkilot.vihreat.fi\/eve.ramo\/miksi-eve\/","title":{"rendered":"Miksi Eve?"},"content":{"rendered":"\n<figure class=\"wp-block-image alignright size-large is-resized\"><img loading=\"lazy\" decoding=\"async\" src=\"https:\/\/henkilot.vihreat.fi\/eve.ramo\/files\/2021\/01\/Eve_Ramo-2-transparent-683x1024.png\" alt=\"\" class=\"wp-image-28286\" width=\"342\" height=\"512\" srcset=\"https:\/\/henkilot.vihreat.fi\/eve.ramo\/files\/2021\/01\/Eve_Ramo-2-transparent-683x1024.png 683w, https:\/\/henkilot.vihreat.fi\/eve.ramo\/files\/2021\/01\/Eve_Ramo-2-transparent-200x300.png 200w, https:\/\/henkilot.vihreat.fi\/eve.ramo\/files\/2021\/01\/Eve_Ramo-2-transparent-768x1152.png 768w, https:\/\/henkilot.vihreat.fi\/eve.ramo\/files\/2021\/01\/Eve_Ramo-2-transparent-1024x1536.png 1024w, https:\/\/henkilot.vihreat.fi\/eve.ramo\/files\/2021\/01\/Eve_Ramo-2-transparent-1365x2048.png 1365w\" sizes=\"auto, (max-width: 342px) 100vw, 342px\" \/><\/figure>\n\n\n\n<blockquote class=\"wp-block-quote is-layout-flow wp-block-quote-is-layout-flow\">\n<p><span style=\"font-size: inherit;\">Minulle on ilo ja kunnia pit\u00e4\u00e4 Eve\u00e4 yst\u00e4v\u00e4n\u00e4ni. H\u00e4n on nainen, joka tekee ty\u00f6t\u00e4 t\u00e4ydell\u00e4 syd\u00e4mell\u00e4 niiden eteen, jotka eiv\u00e4t pysty itse pit\u00e4m\u00e4\u00e4n puoliaan. Even sisukkuuden takia Vantaa on parempi kaupunki olla lapsi. Periksiantamattomasti ja l\u00e4mm\u00f6ll\u00e4 h\u00e4n puolustaa perheit\u00e4, lapsia ja tasa-arvoa. Eve on ihminen, jota Vantaa ja koko t\u00e4m\u00e4 maa tarvitsee.<\/span><\/p>\n\n\n\n<p><em>Emma Kari, kansanedustaja<\/em><\/p>\n<\/blockquote>\n\n\n\n<blockquote class=\"wp-block-quote is-layout-flow wp-block-quote-is-layout-flow\">\n<p>Eve on suora, v\u00e4lit\u00f6n, skarppi ja vahvalla oikeudentajulla varustettu. H\u00e4n tarttuu asioihin ja tekee pelottomasti sen mit\u00e4 on teht\u00e4v\u00e4. Eve tuntee l\u00e4hi\u00f6iden arjen ja ihmisten ongelmat eik\u00e4 v\u00e4ist\u00e4, kun on tilaisuus auttaa.<\/p>\n\n\n\n<p>Lasse Miettinen, entinen puoluesihteeri, Vihre\u00e4t<\/p>\n<\/blockquote>\n\n\n\n<blockquote class=\"wp-block-quote is-layout-flow wp-block-quote-is-layout-flow\">\n<p>Evell\u00e4 on kyky tarttua asioihin silloinkin kun tarttumatta j\u00e4tt\u00e4minen olisi itselle helpompaa. Sellaisia ihmisi\u00e4 tarvitaan hoitamaan yhteisi\u00e4 asioita, jotka uskaltavat kysy\u00e4 ja vastata.<\/p>\n\n\n\n<p>Ihmisel\u00e4m\u00e4 on joskus rikkonaista ja hyvinkin monimuotoista, jolloin tarvitaan ymm\u00e4rryst\u00e4 ja kyky\u00e4 kohdata toinen ihminen aidosti. Even ty\u00f6ura vaikeuksissa olevien nuorten kanssa avaa ikkunan koko yhteiskuntaan.<br \/>Heikkojen keskell\u00e4 oleminen, hallinnon ja vallan ymm\u00e4rt\u00e4minen, pyrkimys oikeudenmukaisuuteen ja rauhaan ovat niit\u00e4 asioita joita tarvitaan siihen, ett\u00e4 kykenee puolustamaan hyv\u00e4\u00e4 ja kaunista uskottavasti. Eve on uskottava.<\/p>\n\n\n\n<p><em>Juha Luodeslampi, pastori, vs. ty\u00f6alasihteeri<\/em><\/p>\n<\/blockquote>\n\n\n\n<blockquote class=\"wp-block-quote is-layout-flow wp-block-quote-is-layout-flow\">\n<p>Eve on empaattinen. Se on my\u00f6t\u00e4syntyist\u00e4. Jo hoitot\u00e4ti totesi alle kouluik\u00e4isest\u00e4 Evest\u00e4, ett\u00e4 Eve ymm\u00e4rt\u00e4\u00e4 ihmisi\u00e4 paremmin kuin tarvitsisikaan ja paremmin kuin moni aikuinen. Eve my\u00f6s pist\u00e4\u00e4 itsens\u00e4 t\u00e4ysill\u00e4 peliin. Ei s\u00e4\u00e4stele itse\u00e4\u00e4n.<\/p>\n\n\n\n<p><em>Anna-Kaisa R\u00e4m\u00f6, mets\u00e4ekonomisti, \u00e4iti<\/em><\/p>\n<\/blockquote>\n\n\n\n<blockquote class=\"wp-block-quote is-layout-flow wp-block-quote-is-layout-flow\">\n<p>M\u00e4\u00e4r\u00e4tietoinen p\u00e4\u00e4tt\u00e4v\u00e4isyys sek\u00e4 lempeys ovat ensimm\u00e4isi\u00e4 asioita joita Evest\u00e4 tulee mieleeni. Olen useamman vuoden seurannut kuinka Eve saa asioita eteenp\u00e4in, politiikassa t\u00e4h\u00e4n tarvitaan yhteisty\u00f6t\u00e4 kaikkien poliittisten toimijoiden kanssa, yksi Even vahvuuksista on erinomainen yhteisty\u00f6kyky.<\/p>\n\n\n\n<p><em>Sami Halme, Helsingin Vihreiden puheenjohtaja<\/em><\/p>\n<\/blockquote>\n\n\n\n<blockquote class=\"wp-block-quote is-layout-flow wp-block-quote-is-layout-flow\">\n<p>Eve on diplomaattinen, mutta j\u00e4m\u00e4kk\u00e4 yhteisty\u00f6n rakentaja, johon voi aina luottaa. Ihailen h\u00e4nen periksiantamattomuuttaan ja neuvottelukyky\u00e4, jolla h\u00e4n on mm. edist\u00e4nyt yhdenvertaisuutta ja tasa-arvoa kirkossa jo pitk\u00e4lti yli vuosikymmenen ajan. Eve tekee kaikkensa h\u00e4nelle t\u00e4rkeiden asioiden suhteen, eik\u00e4 pelk\u00e4\u00e4 laittaa itse\u00e4\u00e4n likoon. Even kanssa on paitsi tehokasta my\u00f6s hauskaa ty\u00f6skennell\u00e4!<\/p>\n\n\n\n<p><em>Katri Korolainen <\/em><br \/><em>Kirkolliskokouksen tulevaisuusvaliokunnan pj<\/em><br \/><em>Armon vihreiden pj 2014-2015<\/em><\/p>\n<\/blockquote>\n\n\n\n<blockquote class=\"wp-block-quote is-layout-flow wp-block-quote-is-layout-flow\">\n<p>Eve on aina omassa el\u00e4m\u00e4ss\u00e4\u00e4n sek\u00e4 politikassa puolustanut ihmisi\u00e4, varsinkin niit\u00e4 joilla menee heikoimmin. Eve osaa neuvotella ja on ymm\u00e4rt\u00e4nyt sen, ett\u00e4 politiikassa pit\u00e4\u00e4 saada my\u00f6s tuloksia aikaiseksi.<\/p>\n\n\n\n<p><em>Panu Laturi, osakas, viestint\u00e4toimisto N2 Comms<\/em><\/p>\n<\/blockquote>\n\n\n\n<blockquote class=\"wp-block-quote is-layout-flow wp-block-quote-is-layout-flow\">\n<p>Siksi koska tarvitsemme inhimillisyytta politiikkaan. Olen asunut pitk\u00e4\u00e4n pois Suomesta. Koskaan ei ole sin\u00e4ns\u00e4 harmittanut, etten \u00e4\u00e4nest\u00e4 en\u00e4\u00e4 Suomessa. T\u00e4n\u00e4 vuonna harmittaa. Viisasta, empaattista naista, joka ajattelee aivoillaan ja syd\u00e4mell\u00e4\u00e4n yht\u00e4 vahvasti olisi hienoa \u00e4\u00e4nest\u00e4\u00e4! Olet parhautta!<\/p>\n\n\n\n<p><em>Liisa V\u00e4is\u00e4nen, taiteen tutkija, tietokirjailija<\/em><\/p>\n<\/blockquote>\n\n\n\n<figure class=\"wp-block-image alignleft size-medium is-resized is-style-default\"><img decoding=\"async\" src=\"https:\/\/henkilot.vihreat.fi\/eve.ramo\/files\/2017\/01\/kissa-300x200.jpg\" alt=\"\" class=\"wp-image-26231\" width=\"300\" srcset=\"https:\/\/henkilot.vihreat.fi\/eve.ramo\/files\/2017\/01\/kissa-300x200.jpg 300w, https:\/\/henkilot.vihreat.fi\/eve.ramo\/files\/2017\/01\/kissa-768x512.jpg 768w, https:\/\/henkilot.vihreat.fi\/eve.ramo\/files\/2017\/01\/kissa-1024x683.jpg 1024w, https:\/\/henkilot.vihreat.fi\/eve.ramo\/files\/2017\/01\/kissa.jpg 1036w\" sizes=\"(max-width: 300px) 100vw, 300px\" \/><\/figure>\n\n\n\n<blockquote class=\"wp-block-quote is-layout-flow wp-block-quote-is-layout-flow\">\n<p><span style=\"font-weight: 400;\">Eve on sellainen ammattilainen joka tuntee niin sote-alan haasteet kuin Vantaalaiset. N\u00e4iss\u00e4 vaaleissa pit\u00e4\u00e4 varmistaa, ett\u00e4 tavallisen ihmisen \u00e4\u00e4ni kuuluu. Eve on ehdoton ja paras valinta&nbsp;<\/span><\/p>\n\n\n\n<p><span style=\"font-weight: 400;\">Fatim Diarra<\/span><\/p>\n\n\n\n<p><span style=\"font-weight: 400;\">Helsingin kaupunginvaltuuston puheenjohtaja ja Mikkolan koulun entinen opettaja<\/span><\/p>\n<\/blockquote>\n\n\n\n<blockquote class=\"wp-block-quote is-layout-flow wp-block-quote-is-layout-flow\">\n<p><em>Eve on sosiaalialan ammattilainen. H\u00e4n on tinkim\u00e4t\u00f6n tasa-arvon ja yhdenvertaisuuden kannattaja. H\u00e4n on kokenut vaikuttaja, joka osaa valita oikeanlaiset keinot kussakin tilanteessa. H\u00e4n tuntee ihmiset ja toimintatavat. Evell\u00e4 on arvot kohdallaan,&nbsp; mutta h\u00e4nell\u00e4 on my\u00f6s rohkeutta ja suoraselk\u00e4isyytt\u00e4. Tunnen h\u00e4net yhteisten t\u00f6iden ja luottamusteht\u00e4vien kautta. Voin vakuuttaa, ett\u00e4 Eve tarttuu toimeen, jos h\u00e4n kohtaa ep\u00e4oikeudenmukaisuutta. Liian moni on luottamusteht\u00e4viss\u00e4 vain luottamassa. Eve on siell\u00e4 muuttaakseen maailmaa paremmaks<\/em>i.<\/p>\n\n\n\n<p><em>Laura Late M\u00e4ntyl\u00e4<\/em>, Yliopistopappi, lhbtiq-ihmisten pappi        <\/p>\n<\/blockquote>\n\n\n\n<blockquote class=\"wp-block-quote is-layout-flow wp-block-quote-is-layout-flow\">\n<p><em>Eve puolustaa tinkim\u00e4tt\u00f6m\u00e4sti lapsia, nuoria ja hyvinvointivaltiota. \u00c4\u00e4ni Evelle on my\u00f6s \u00e4\u00e4ni parempien mielenterveyspalveluiden puolesta. Suosittelen h\u00e4nt\u00e4 l\u00e4mpim\u00e4sti aluevaltuustoon!<\/em><\/p>\n\n\n\n<p>Alviina Alamets\u00e4, Europarlamentaarikko<\/p>\n<\/blockquote>\n\n\n\n<p><\/p>\n\n\n\n<blockquote class=\"wp-block-quote is-layout-flow wp-block-quote-is-layout-flow\">\n<p>Eve ei ole mik\u00e4\u00e4n voivottelija, vaan energinen tekij\u00e4 ja ongelmanratkoja, joka pit\u00e4\u00e4 aina heikoimpien puolta ja taistelee eriarvoisuutta vastaan. Eve on luottamuksen arvoinen.  <\/p>\n\n\n\n<p>Joel Linnainm\u00e4ki, ulkoministerin erityisavustaja<\/p>\n<\/blockquote>\n\n\n\n<blockquote class=\"wp-block-quote is-layout-flow wp-block-quote-is-layout-flow\">\n<p><em>Eve on taitava neuvottelija ja tinkim\u00e4t\u00f6n yhdenvertaisuuden puolustaja.Eve on muuttanut Vantaata paremmaksi kaikille jo vuosia ja sosiaalialan ammattilaisena h\u00e4n edist\u00e4\u00e4 ty\u00f6ntekij\u00f6iden hyvinvointia ja ammatillista edunvalvontaa.Eve on toiminut aikaisemmin my\u00f6s Vantaan vihreiden puheenjohtajana rakentaen yhteisty\u00f6t\u00e4 laaja-alaisesti. I love Eve!<\/em><\/p>\n\n\n\n<p>Hanna-Leena Laitinen, Sosiaalialan asiantuntija, YTM<\/p>\n<\/blockquote>\n\n\n\n<p><\/p>\n","protected":false},"excerpt":{"rendered":"<p>Minulle on ilo ja kunnia pit\u00e4\u00e4 Eve\u00e4 yst\u00e4v\u00e4n\u00e4ni. H\u00e4n on nainen, joka tekee ty\u00f6t\u00e4 t\u00e4ydell\u00e4 syd\u00e4mell\u00e4 niiden eteen, jotka eiv\u00e4t pysty itse pit\u00e4m\u00e4\u00e4n puoliaan. Even sisukkuuden takia Vantaa on parempi kaupunki olla lapsi. Periksiantamattomasti ja l\u00e4mm\u00f6ll\u00e4 h\u00e4n puolustaa perheit\u00e4, lapsia<\/p>\n","protected":false},"author":1136,"featured_media":0,"parent":0,"menu_order":0,"comment_status":"closed","ping_status":"closed","template":"","meta":{"jetpack_post_was_ever_published":false,"footnotes":""},"class_list":["post-28269","page","type-page","status-publish","hentry"],"jetpack_sharing_enabled":true,"jetpack_shortlink":"https:\/\/wp.me\/P8pbUN-7lX","jetpack_likes_enabled":true,"jetpack-related-posts":[{"id":28267,"url":"https:\/\/henkilot.vihreat.fi\/eve.ramo\/politiikka\/kuntavaalit-2021\/","url_meta":{"origin":28269,"position":0},"title":"Kuntavaalit 2021","author":"tiina.nylen","date":"22.1.2021","format":false,"excerpt":"Minun Vantaani on Lasten ja perheiden Vantaa Panostaa lapsiin ja ennaltaehk\u00e4iseviin palveluihin Tiedostaa, ett\u00e4 lasten oikeudet ovat aikuisten velvollisuuksia S\u00e4ilytt\u00e4\u00e4 Vantaa-lis\u00e4n ja helpottaa ty\u00f6n ja perheen yhteensovittamista Korjaa sis\u00e4ilmaongelmaiset rakennukset Pit\u00e4\u00e4 huolta laadukkaasta opetuksesta ja varhaiskasvatuksesta Korjaa kolmiportaisen tuen puutteet kouluissa Investoi nuoriin ja nuorten palveluihin ongelmien ennaltaehk\u00e4isemiseksi Vantaa jossa\u2026","rel":"","context":"Samankaltainen artikkeli","block_context":{"text":"Samankaltainen artikkeli","link":""},"img":{"alt_text":"","src":"https:\/\/i0.wp.com\/henkilot.vihreat.fi\/eve.ramo\/files\/2021\/01\/Eve_Ramo-3-transparent.png?resize=350%2C200&ssl=1","width":350,"height":200,"srcset":"https:\/\/i0.wp.com\/henkilot.vihreat.fi\/eve.ramo\/files\/2021\/01\/Eve_Ramo-3-transparent.png?resize=350%2C200&ssl=1 1x, https:\/\/i0.wp.com\/henkilot.vihreat.fi\/eve.ramo\/files\/2021\/01\/Eve_Ramo-3-transparent.png?resize=525%2C300&ssl=1 1.5x, https:\/\/i0.wp.com\/henkilot.vihreat.fi\/eve.ramo\/files\/2021\/01\/Eve_Ramo-3-transparent.png?resize=700%2C400&ssl=1 2x, https:\/\/i0.wp.com\/henkilot.vihreat.fi\/eve.ramo\/files\/2021\/01\/Eve_Ramo-3-transparent.png?resize=1050%2C600&ssl=1 3x, https:\/\/i0.wp.com\/henkilot.vihreat.fi\/eve.ramo\/files\/2021\/01\/Eve_Ramo-3-transparent.png?resize=1400%2C800&ssl=1 4x"},"classes":[]},{"id":28301,"url":"https:\/\/henkilot.vihreat.fi\/eve.ramo\/politiikka\/","url_meta":{"origin":28269,"position":1},"title":"Politiikka","author":"tiina.nylen","date":"22.1.2021","format":false,"excerpt":"Olen ehdolla Vantaan kaupunginvaltuustoon sek\u00e4 Vantaa-Keravan aluevaltuustoon. Voit \u00e4\u00e4nest\u00e4\u00e4 minua, jos olet t\u00e4ysi-ik\u00e4inen ja asut Vantaalla tai Keravalla. Ennakko\u00e4\u00e4nestys kotimaassa: keskiviikosta tiistaihin 2-8.4.2025 Vaalip\u00e4iv\u00e4n \u00e4\u00e4nestys: sunnuntai\u00a0 13.4.2025 klo 9 \u2013 20 Eduskuntavaalit 2023 Ty\u00f6- ja luottamusteht\u00e4v\u00e4t","rel":"","context":"Samankaltainen artikkeli","block_context":{"text":"Samankaltainen artikkeli","link":""},"img":{"alt_text":"","src":"https:\/\/i0.wp.com\/henkilot.vihreat.fi\/eve.ramo\/files\/2012\/08\/MG_8158_muok_2.jpg?resize=350%2C200&ssl=1","width":350,"height":200,"srcset":"https:\/\/i0.wp.com\/henkilot.vihreat.fi\/eve.ramo\/files\/2012\/08\/MG_8158_muok_2.jpg?resize=350%2C200&ssl=1 1x, https:\/\/i0.wp.com\/henkilot.vihreat.fi\/eve.ramo\/files\/2012\/08\/MG_8158_muok_2.jpg?resize=525%2C300&ssl=1 1.5x, https:\/\/i0.wp.com\/henkilot.vihreat.fi\/eve.ramo\/files\/2012\/08\/MG_8158_muok_2.jpg?resize=700%2C400&ssl=1 2x, https:\/\/i0.wp.com\/henkilot.vihreat.fi\/eve.ramo\/files\/2012\/08\/MG_8158_muok_2.jpg?resize=1050%2C600&ssl=1 3x"},"classes":[]},{"id":28315,"url":"https:\/\/henkilot.vihreat.fi\/eve.ramo\/politiikka\/kuntavaalit-2017\/","url_meta":{"origin":28269,"position":2},"title":"Kuntavaalit 2017","author":"tiina.nylen","date":"22.1.2021","format":false,"excerpt":"Lapset ensin Tulevaisuuteen kannattaa panostaa! Haluamme Vantaalla turvata lapsille tasa-arvoisen lapsuuden ja yhdenvertaisen l\u00e4ht\u00f6kohdan el\u00e4m\u00e4\u00e4n. Haluamme lastemme kasvavan hyvinvoivien vanhempien perheiss\u00e4, terveiss\u00e4 kouluissa ja osaavan henkil\u00f6st\u00f6n parissa. Haluamme, ett\u00e4 aikuisilla on lapsille aikaa. Haluamme, ett\u00e4 lapsemme saavat laadukasta opetusta ja varhaiskasvatusta terveiss\u00e4 rakennuksissa. Tukea erilaisille oppilaille on tarjottava matalalla kynnyksell\u00e4\u2026","rel":"","context":"Samankaltainen artikkeli","block_context":{"text":"Samankaltainen artikkeli","link":""},"img":{"alt_text":"","src":"https:\/\/i0.wp.com\/henkilot.vihreat.fi\/eve.ramo\/files\/2012\/08\/Eve_Ra%CC%88mo%CC%88_KP-6Web.jpg?resize=350%2C200&ssl=1","width":350,"height":200,"srcset":"https:\/\/i0.wp.com\/henkilot.vihreat.fi\/eve.ramo\/files\/2012\/08\/Eve_Ra%CC%88mo%CC%88_KP-6Web.jpg?resize=350%2C200&ssl=1 1x, https:\/\/i0.wp.com\/henkilot.vihreat.fi\/eve.ramo\/files\/2012\/08\/Eve_Ra%CC%88mo%CC%88_KP-6Web.jpg?resize=525%2C300&ssl=1 1.5x"},"classes":[]},{"id":28306,"url":"https:\/\/henkilot.vihreat.fi\/eve.ramo\/politiikka\/luottamustehtavat\/","url_meta":{"origin":28269,"position":3},"title":"Ty\u00f6- ja luottamusteht\u00e4v\u00e4t","author":"tiina.nylen","date":"22.1.2021","format":false,"excerpt":"Sosionomi (AMK) \u2013 Kirkon nuorisoty\u00f6nohjaajaPerhety\u00f6ntekij\u00e4, Vantaa-Keravan hyvinvointialue. Olen ty\u00f6skennellyt\u00a0pitk\u00e4\u00e4n lastensuojelussa, sijoitettujen nuorten sek\u00e4 lapsiperheiden parissa. Viimeiset viisi vuotta olen tehnyt tehostettua perhety\u00f6t\u00e4.T\u00e4m\u00e4n lis\u00e4ksi olen ty\u00f6skennellyt asunnottomien ja p\u00e4ihteidenk\u00e4ytt\u00e4jien parissa, p\u00e4iv\u00e4kodissa, kriminaalihuollossa, kirkon nuorisoty\u00f6nohjaajana, maahanmuuttajanaisten turvakodissa sek\u00e4 tehnyt erilaisia vapaaehtoist\u00f6it\u00e4. Ty\u00f6nkuvaani kuuluu my\u00f6s talouden sosiaaliohjaus. Toimin my\u00f6s varaty\u00f6suojeluvaltuutettuna. Harrastukset Luottamusteht\u00e4v\u00e4tKotikissatoimintaMatkustaminenLukeminenVaeltaminen, tunturit\u2026","rel":"","context":"Samankaltainen artikkeli","block_context":{"text":"Samankaltainen artikkeli","link":""},"img":{"alt_text":"","src":"https:\/\/i0.wp.com\/henkilot.vihreat.fi\/eve.ramo\/files\/2021\/01\/eve_1-edited.jpg?resize=350%2C200&ssl=1","width":350,"height":200,"srcset":"https:\/\/i0.wp.com\/henkilot.vihreat.fi\/eve.ramo\/files\/2021\/01\/eve_1-edited.jpg?resize=350%2C200&ssl=1 1x, https:\/\/i0.wp.com\/henkilot.vihreat.fi\/eve.ramo\/files\/2021\/01\/eve_1-edited.jpg?resize=525%2C300&ssl=1 1.5x"},"classes":[]},{"id":28261,"url":"https:\/\/henkilot.vihreat.fi\/eve.ramo\/","url_meta":{"origin":28269,"position":4},"title":"Etusivu","author":"tiina.nylen","date":"22.1.2021","format":false,"excerpt":"Olen 41-vuotias vantaalainen, aktiivinen inhimillisyyden ja tasa-arvon puolustaja. \u00a0Olen koulutukseltani sosionomi-kirkon nuorisoty\u00f6nohjaaja ja ty\u00f6skennellyt monipuolisesti sosiaalialalla, erityisesti lastensuojelussa, lasten, nuorten ja perheiden parissa. T\u00e4ll\u00e4 hetkell\u00e4 ty\u00f6skentelen lastensuojelussa tehostetun perhety\u00f6n sosiaaliohjaajana, josta tosin olen parhaillaan vanhempainvapaalla. Lastensuojelun ty\u00f6kokemusta minulla on jo l\u00e4hes 20 vuotta. Olen kaupunginvaltuutettu, Vantaan kaupunginhallituksen j\u00e4sen,Vantaa-Keravan hyvinvointialueen aluevaltuutettu,\u2026","rel":"","context":"Samankaltainen artikkeli","block_context":{"text":"Samankaltainen artikkeli","link":""},"img":{"alt_text":"","src":"","width":0,"height":0},"classes":[]},{"id":28558,"url":"https:\/\/henkilot.vihreat.fi\/eve.ramo\/politiikka\/aluevaalit-2022\/","url_meta":{"origin":28269,"position":5},"title":"Aluevaalit 2022","author":"tiina.nylen","date":"16.12.2021","format":false,"excerpt":"Tuleva Vantaa-Kerava hyvinvointialue on 1. Hyv\u00e4 paikka lapsille ja perheille - Panostaa lapsiin ja ennaltaehk\u00e4iseviin palveluihin - Tiedostaa, ett\u00e4 lasten oikeudet ovat aikuisten velvollisuuksia - Investoi nuoriin ja nuorten palveluihin ongelmien ennaltaehk\u00e4isemiseksi - Luo toimivat hoitopolut nepsy-lapsille - Rakentaa kattavasti perhekeskuksia l\u00e4hipalveluna - Kaikessa p\u00e4\u00e4t\u00f6ksenteossa arvioi niiden vaikutuksia lapsiin, osallisuuteen\u2026","rel":"","context":"Samankaltainen artikkeli","block_context":{"text":"Samankaltainen artikkeli","link":""},"img":{"alt_text":"","src":"https:\/\/i0.wp.com\/henkilot.vihreat.fi\/eve.ramo\/files\/2021\/06\/MG_0445_VALMIS2.png?resize=350%2C200&ssl=1","width":350,"height":200,"srcset":"https:\/\/i0.wp.com\/henkilot.vihreat.fi\/eve.ramo\/files\/2021\/06\/MG_0445_VALMIS2.png?resize=350%2C200&ssl=1 1x, https:\/\/i0.wp.com\/henkilot.vihreat.fi\/eve.ramo\/files\/2021\/06\/MG_0445_VALMIS2.png?resize=525%2C300&ssl=1 1.5x, https:\/\/i0.wp.com\/henkilot.vihreat.fi\/eve.ramo\/files\/2021\/06\/MG_0445_VALMIS2.png?resize=700%2C400&ssl=1 2x, https:\/\/i0.wp.com\/henkilot.vihreat.fi\/eve.ramo\/files\/2021\/06\/MG_0445_VALMIS2.png?resize=1050%2C600&ssl=1 3x, https:\/\/i0.wp.com\/henkilot.vihreat.fi\/eve.ramo\/files\/2021\/06\/MG_0445_VALMIS2.png?resize=1400%2C800&ssl=1 4x"},"classes":[]}],"_links":{"self":[{"href":"https:\/\/henkilot.vihreat.fi\/eve.ramo\/wp-json\/wp\/v2\/pages\/28269","targetHints":{"allow":["GET"]}}],"collection":[{"href":"https:\/\/henkilot.vihreat.fi\/eve.ramo\/wp-json\/wp\/v2\/pages"}],"about":[{"href":"https:\/\/henkilot.vihreat.fi\/eve.ramo\/wp-json\/wp\/v2\/types\/page"}],"author":[{"embeddable":true,"href":"https:\/\/henkilot.vihreat.fi\/eve.ramo\/wp-json\/wp\/v2\/users\/1136"}],"replies":[{"embeddable":true,"href":"https:\/\/henkilot.vihreat.fi\/eve.ramo\/wp-json\/wp\/v2\/comments?post=28269"}],"version-history":[{"count":28,"href":"https:\/\/henkilot.vihreat.fi\/eve.ramo\/wp-json\/wp\/v2\/pages\/28269\/revisions"}],"predecessor-version":[{"id":28730,"href":"https:\/\/henkilot.vihreat.fi\/eve.ramo\/wp-json\/wp\/v2\/pages\/28269\/revisions\/28730"}],"wp:attachment":[{"href":"https:\/\/henkilot.vihreat.fi\/eve.ramo\/wp-json\/wp\/v2\/media?parent=28269"}],"curies":[{"name":"wp","href":"https:\/\/api.w.org\/{rel}","templated":true}]}}